{"id":8746,"date":"2020-03-30T09:14:23","date_gmt":"2020-03-30T08:14:23","guid":{"rendered":"https:\/\/www.salesianos.edu\/familiasalesiana\/?page_id=8746"},"modified":"2023-07-13T11:27:38","modified_gmt":"2023-07-13T10:27:38","slug":"hermandades-y-cofradias-salesianas","status":"publish","type":"page","link":"https:\/\/www.salesianos.edu\/familiasalesiana\/hermandades-y-cofradias-salesianas\/","title":{"rendered":"Hermandades y cofradias salesianas"},"content":{"rendered":"<div id=\"fb-root\"><\/div>\n<p>[et_pb_section fb_built=\u00bb1&#8243; fullwidth=\u00bbon\u00bb _builder_version=\u00bb4.16&#8243; global_colors_info=\u00bb{}\u00bb][et_pb_fullwidth_header title=\u00bbHermandades y cofradias salesianas\u00bb module_id=\u00bbjs-caller\u00bb module_class=\u00bbvertical-align\u00bb _builder_version=\u00bb4.16&#8243; title_text_align=\u00bbright\u00bb title_font_size=\u00bb65px\u00bb subhead_font=\u00bbLato||on||||||\u00bb subhead_text_align=\u00bbright\u00bb subhead_font_size=\u00bb30px\u00bb subhead_line_height=\u00bb130%\u00bb background_image=\u00bbhttps:\/\/inspectoria.salesianos.es\/wp-content\/uploads\/2020\/02\/encabezado_noticias_casa-min.png\u00bb custom_button_one=\u00bbon\u00bb button_one_text_color=\u00bb#dc001b\u00bb button_one_bg_color=\u00bb#ffffff\u00bb button_one_border_width=\u00bb0px\u00bb button_one_border_radius=\u00bb100px\u00bb button_one_icon=\u00bb&#x35;||divi||400&#8243; button_one_icon_color=\u00bb#dc001b\u00bb button_one_custom_padding=\u00bb||||true|true\u00bb custom_button_two=\u00bbon\u00bb button_two_text_color=\u00bb#dc001b\u00bb button_two_bg_color=\u00bb#ffffff\u00bb button_two_border_width=\u00bb0px\u00bb button_two_border_radius=\u00bb100px\u00bb button_two_icon=\u00bb&#x35;||divi||400&#8243; button_two_icon_color=\u00bb#dc001b\u00bb max_height_tablet=\u00bb10vh\u00bb max_height_phone=\u00bb10vh\u00bb max_height_last_edited=\u00bbon|tablet\u00bb custom_padding=\u00bb17px||119px|||\u00bb title_font_size_tablet=\u00bb40px\u00bb title_font_size_phone=\u00bb30px\u00bb title_font_size_last_edited=\u00bbon|desktop\u00bb subhead_font_size_tablet=\u00bb25px\u00bb subhead_font_size_phone=\u00bb20px\u00bb subhead_font_size_last_edited=\u00bbon|phone\u00bb button_one_text_size_tablet=\u00bb10px\u00bb button_one_text_size_phone=\u00bb10px\u00bb button_one_text_size_last_edited=\u00bbon|phone\u00bb title_text_shadow_style=\u00bbpreset1&#8243; title_text_shadow_vertical_length=\u00bb0em\u00bb title_text_shadow_blur_strength=\u00bb0.65em\u00bb title_text_shadow_color=\u00bbrgba(0,0,0,0.9)\u00bb subhead_text_shadow_style=\u00bbpreset1&#8243; subhead_text_shadow_vertical_length=\u00bb0em\u00bb subhead_text_shadow_blur_strength=\u00bb0.3em\u00bb global_colors_info=\u00bb{}\u00bb button_one_custom_padding__hover=\u00bb|0.7em||2em|true|false\u00bb button_one_custom_padding__hover_enabled=\u00bboff|desktop\u00bb][\/et_pb_fullwidth_header][\/et_pb_section][et_pb_section fb_built=\u00bb1&#8243; _builder_version=\u00bb4.16&#8243; custom_margin=\u00bb||0px||false|false\u00bb custom_padding=\u00bb||0px||false|false\u00bb collapsed=\u00bboff\u00bb global_colors_info=\u00bb{}\u00bb][et_pb_row _builder_version=\u00bb4.16&#8243; background_size=\u00bbinitial\u00bb background_position=\u00bbtop_left\u00bb background_repeat=\u00bbrepeat\u00bb custom_margin=\u00bb||||false|false\u00bb custom_padding=\u00bb0px||||false|false\u00bb global_colors_info=\u00bb{}\u00bb][et_pb_column type=\u00bb4_4&#8243; _builder_version=\u00bb4.16&#8243; background_position=\u00bbtop_left\u00bb custom_padding=\u00bb|||\u00bb global_colors_info=\u00bb{}\u00bb custom_padding__hover=\u00bb|||\u00bb][et_pb_testimonial portrait_url=\u00bbhttps:\/\/www.salesianos.edu\/familiasalesiana\/wp-content\/uploads\/sites\/5\/2020\/03\/hhdd-1.png\u00bb quote_icon=\u00bboff\u00bb portrait_width=\u00bb150px\u00bb portrait_height=\u00bb150px\u00bb _builder_version=\u00bb4.16&#8243; author_text_align=\u00bbleft\u00bb author_text_color=\u00bb#dc001b\u00bb author_font_size=\u00bb16px\u00bb position_font=\u00bb|600|||||||\u00bb position_text_color=\u00bb#636a70&#8243; company_font=\u00bb||||||||\u00bb company_text_color=\u00bb#636a70&#8243; background_color=\u00bb#ffffff\u00bb text_orientation=\u00bbjustified\u00bb custom_margin=\u00bb||30px||false|false\u00bb custom_padding=\u00bb||10px||false|false\u00bb border_radii=\u00bbon|10px|10px|10px|10px\u00bb box_shadow_style=\u00bbpreset2&#8243; global_colors_info=\u00bb{}\u00bb]<\/p>\n<p><strong>Nuestras Hermandades<\/strong> como entidades de fieles, dependen directamente de la Diocesis correspondiente en cada provincia.<\/p>\n<p><strong>Nacen en su gran mayor\u00eda con un carisma salesiano<\/strong>, dentro de las Asociaciones de los Antiguos Alumnos de Don Bosco, con los cuales, tienen una gran y estrecha vinculaci\u00f3n y compromiso.<\/p>\n<p><strong>Las HHCCSS est\u00e1n representados por un Consejo consultivo y organizativo,<\/strong> dependiente directamente del delegado de la Familia Salesiana y por consiguiente con el Inspector. Y a su vez su Coordinador, pertenece al Consejo Familia Salesiana de la zona sur, aunque dentro del consejo, haya miembros de otras zonas, ya que el Consejo, abarca la totalidad de la Inspector\u00eda Mar\u00eda Auxiliadora.<\/p>\n<p>[\/et_pb_testimonial][\/et_pb_column][\/et_pb_row][\/et_pb_section][et_pb_section fb_built=\u00bb1&#8243; _builder_version=\u00bb4.21.0&#8243; global_colors_info=\u00bb{}\u00bb][et_pb_row column_structure=\u00bb1_2,1_2&#8243; admin_label=\u00bbFila\u00bb _builder_version=\u00bb4.16&#8243; custom_margin=\u00bb0px||||false|false\u00bb custom_padding=\u00bb0px||||false|false\u00bb global_colors_info=\u00bb{}\u00bb][et_pb_column type=\u00bb1_2&#8243; _builder_version=\u00bb4.16&#8243; global_colors_info=\u00bb{}\u00bb][et_pb_number_counter title=\u00bbHermandades y cofradias en la Inspector\u00eda\u00bb number=\u00bb30&#8243; percent_sign=\u00bboff\u00bb module_class=\u00bbvertical-align\u00bb _builder_version=\u00bb4.16&#8243; title_level=\u00bbh1&#8243; title_text_color=\u00bb#ffffff\u00bb number_text_align=\u00bbcenter\u00bb number_text_color=\u00bb#ffffff\u00bb background_color=\u00bb#dc001b\u00bb min_height=\u00bb160px\u00bb border_radii=\u00bbon|10px|10px|10px|10px\u00bb box_shadow_style=\u00bbpreset2&#8243; global_colors_info=\u00bb{}\u00bb][\/et_pb_number_counter][\/et_pb_column][et_pb_column type=\u00bb1_2&#8243; _builder_version=\u00bb4.16&#8243; global_colors_info=\u00bb{}\u00bb][et_pb_number_counter title=\u00bbHermanos y hermanas\u00bb number=\u00bb30000 +\u00bb percent_sign=\u00bboff\u00bb module_class=\u00bbvertical-align\u00bb _builder_version=\u00bb4.16&#8243; title_level=\u00bbh1&#8243; title_text_color=\u00bb#ffffff\u00bb number_text_align=\u00bbcenter\u00bb number_text_color=\u00bb#ffffff\u00bb number_font_size=\u00bb64px\u00bb background_color=\u00bb#dc001b\u00bb min_height=\u00bb160px\u00bb border_radii=\u00bbon|10px|10px|10px|10px\u00bb box_shadow_style=\u00bbpreset2&#8243; global_colors_info=\u00bb{}\u00bb][\/et_pb_number_counter][\/et_pb_column][\/et_pb_row][\/et_pb_section][et_pb_section fb_built=\u00bb1&#8243; fullwidth=\u00bbon\u00bb _builder_version=\u00bb4.21.0&#8243; _module_preset=\u00bbdefault\u00bb custom_margin=\u00bb|||18%|false|false\u00bb global_colors_info=\u00bb{}\u00bb][et_pb_fullwidth_code _builder_version=\u00bb4.21.0&#8243; _module_preset=\u00bbdefault\u00bb hover_enabled=\u00bb0&#8243; global_colors_info=\u00bb{}\u00bb sticky_enabled=\u00bb0&#8243;]<\/p>\n<div style=\"width: 100%\">\n<div style=\"position: relative;padding-bottom: 70%;padding-top: 0;height: 0\"><iframe loading=\"lazy\" frameborder=\"0\" width=\"1200\" height=\"920\" src=\"https:\/\/view.genial.ly\/60339931bbb6260d0e5f0042\" allowfullscreen=\"true\"><\/iframe> <\/div>\n<\/p><\/div>\n<p>[\/et_pb_fullwidth_code][\/et_pb_section][et_pb_section fb_built=\u00bb1&#8243; module_id=\u00bbportada\u00bb _builder_version=\u00bb4.16&#8243; custom_margin=\u00bb0px||0px||true|false\u00bb custom_padding=\u00bb0px||0px||true|false\u00bb global_colors_info=\u00bb{}\u00bb][et_pb_row column_structure=\u00bb1_2,1_2&#8243; _builder_version=\u00bb4.16&#8243; _module_preset=\u00bbdefault\u00bb global_colors_info=\u00bb{}\u00bb][et_pb_column type=\u00bb1_2&#8243; _builder_version=\u00bb4.16&#8243; _module_preset=\u00bbdefault\u00bb global_colors_info=\u00bb{}\u00bb][et_pb_code _builder_version=\u00bb4.16&#8243; _module_preset=\u00bbdefault\u00bb global_colors_info=\u00bb{}\u00bb]<div class=\"fb-page\" data-href=\"https:\/\/www.facebook.com\/Hermandades-y-Cofrad%C3%ADas-Salesianas-100640808765405\" data-width=\"850\" data-height=\"500\" data-tabs=\"timeline\" data-hide-cover=\"true\" data-show-facepile=\"false\" data-hide-cta=\"false\" data-small-header=\"true\" data-adapt-container-width=\"true\"><\/div>[\/et_pb_code][\/et_pb_column][et_pb_column type=\u00bb1_2&#8243; _builder_version=\u00bb4.16&#8243; _module_preset=\u00bbdefault\u00bb global_colors_info=\u00bb{}\u00bb][et_pb_code _builder_version=\u00bb4.21.0&#8243; _module_preset=\u00bbdefault\u00bb global_colors_info=\u00bb{}\u00bb]<a class=\"twitter-timeline\" href=\"https:\/\/twitter.com\/HSalesianas?ref_src=twsrc%5Etfw\">Tweets by HSalesianas<\/a> [\/et_pb_code][\/et_pb_column][\/et_pb_row][\/et_pb_section][et_pb_section fb_built=\u00bb1&#8243; fullwidth=\u00bbon\u00bb _builder_version=\u00bb4.21.0&#8243; custom_margin=\u00bb||-90px||false|false\u00bb custom_margin_tablet=\u00bb\u00bb custom_margin_phone=\u00bb||0px||false|false\u00bb custom_margin_last_edited=\u00bbon|desktop\u00bb global_colors_info=\u00bb{}\u00bb][et_pb_fullwidth_header title=\u00bb\u00daltimas noticias\u00bb admin_label=\u00bbT\u00edtulo de anchura completa\u00bb module_id=\u00bbjs-caller\u00bb module_class=\u00bbvertical-align\u00bb _builder_version=\u00bb4.21.0&#8243; title_text_align=\u00bbright\u00bb title_font_size=\u00bb65px\u00bb subhead_font=\u00bbLato||on||||||\u00bb subhead_text_align=\u00bbright\u00bb subhead_text_color=\u00bb#ffffff\u00bb subhead_font_size=\u00bb46px\u00bb subhead_line_height=\u00bb58%\u00bb background_image=\u00bbhttps:\/\/www.salesianos.edu\/familiasalesiana\/wp-content\/uploads\/sites\/5\/2020\/05\/WEB_FASA.jpg\u00bb custom_button_one=\u00bbon\u00bb button_one_text_color=\u00bb#dc001b\u00bb button_one_bg_color=\u00bb#ffffff\u00bb button_one_border_width=\u00bb0px\u00bb button_one_border_radius=\u00bb100px\u00bb button_one_icon=\u00bb&#x35;||divi||400&#8243; button_one_icon_color=\u00bb#dc001b\u00bb button_one_custom_padding=\u00bb||||true|true\u00bb custom_button_two=\u00bbon\u00bb button_two_text_color=\u00bb#dc001b\u00bb button_two_bg_color=\u00bb#ffffff\u00bb button_two_border_width=\u00bb0px\u00bb button_two_border_radius=\u00bb100px\u00bb button_two_icon=\u00bb&#x35;||divi||400&#8243; button_two_icon_color=\u00bb#dc001b\u00bb min_height=\u00bb250px\u00bb max_height_tablet=\u00bb10vh\u00bb max_height_phone=\u00bb10vh\u00bb max_height_last_edited=\u00bbon|tablet\u00bb custom_margin=\u00bb||||false|false\u00bb custom_padding=\u00bb||||false|false\u00bb link_option_url_new_window=\u00bbon\u00bb title_font_size_tablet=\u00bb40px\u00bb title_font_size_phone=\u00bb30px\u00bb title_font_size_last_edited=\u00bbon|desktop\u00bb subhead_font_size_tablet=\u00bb25px\u00bb subhead_font_size_phone=\u00bb20px\u00bb subhead_font_size_last_edited=\u00bbon|phone\u00bb button_one_text_size_tablet=\u00bb10px\u00bb button_one_text_size_phone=\u00bb10px\u00bb button_one_text_size_last_edited=\u00bbon|phone\u00bb global_colors_info=\u00bb{}\u00bb button_one_custom_padding__hover=\u00bb|0.7em||2em|true|false\u00bb button_one_custom_padding__hover_enabled=\u00bboff|desktop\u00bb][\/et_pb_fullwidth_header][\/et_pb_section][et_pb_section fb_built=\u00bb1&#8243; module_id=\u00bbportada\u00bb _builder_version=\u00bb4.16&#8243; custom_margin=\u00bb0px||0px||true|false\u00bb custom_padding=\u00bb0px||0px||true|false\u00bb global_colors_info=\u00bb{}\u00bb][et_pb_row _builder_version=\u00bb4.16&#8243; background_size=\u00bbinitial\u00bb background_position=\u00bbtop_left\u00bb background_repeat=\u00bbrepeat\u00bb custom_margin=\u00bb-18px|auto||auto|false|false\u00bb custom_padding=\u00bb||||false|false\u00bb saved_tabs=\u00bball\u00bb global_colors_info=\u00bb{}\u00bb][et_pb_column type=\u00bb4_4&#8243; _builder_version=\u00bb4.16&#8243; custom_padding=\u00bb|||\u00bb global_colors_info=\u00bb{}\u00bb custom_padding__hover=\u00bb|||\u00bb][et_pb_code _builder_version=\u00bb4.21.0&#8243; _module_preset=\u00bbdefault\u00bb global_colors_info=\u00bb{}\u00bb]<div class=\"feedzy-d49c2e668639ef3595f6514ce9f5ab56 feedzy-rss\">\n\t\t<ul class=\"feedzy-default\">\n\t\t\t\t\t<li  style=\"padding: 18px 0 30px\" class=\"rss_item feedzy-rss-col-3\" >\n\t\t\t\t\t\t\t\t\t<div class=\"rss_image\" style=\"height:180px;width:180px;\">\n\t\t\t\t\t\t<a href=\"https:\/\/salesianos.info\/blog\/el-pregon-del-salesiano-alberto-paya-rico-marca-el-inicio-de-las-fiestas-de-maria-auxiliadora-de-el-campello\/\" target=\"_blank\" \n\t\t\t\t\t\t\trel=\"noopener \"\n\t\t\t\t\t\t\ttitle=\"El preg\u00f3n del salesiano Alberto Pay\u00e1 Rico marca el inicio de las fiestas de Mar\u00eda Auxiliadora de El Campello\"\n\t\t\t\t\t\t\tstyle=\"height:180px;width:180px;\">\n\t\t\t\t\t\t\t<img decoding=\"async\" src=\"https:\/\/salesianos.info\/wp-content\/uploads\/2026\/04\/Pregon-Maux-El-Campello-2026-00004-300x200.jpg\" title=\"El preg\u00f3n del salesiano Alberto Pay\u00e1 Rico marca el inicio de las fiestas de Mar\u00eda Auxiliadora de El Campello\" style=\"height:180px;width:180px\">\t\t\t\t\t\t<\/a>\n\t\t\t\t\t<\/div>\n\t\t\t\t\t\t\t\t\t<span class=\"title\">\n\t\t\t\t\t\t<a href=\"https:\/\/salesianos.info\/blog\/el-pregon-del-salesiano-alberto-paya-rico-marca-el-inicio-de-las-fiestas-de-maria-auxiliadora-de-el-campello\/\" target=\"_blank\"  rel=\"noopener \">\n\t\t\t\t\t\t\tEl preg\u00f3n del salesiano Alberto Pay\u00e1 Rico marca el inicio de las fiestas de Mar\u00eda Auxiliadora de El Campello\t\t\t\t\t\t<\/a>\n\t\t\t\t\t<\/span>\n\t\t\t\t\t<div class=\"rss_content\"\n\t\t\t\t\t\tstyle=\"\">\n\n\t\t\t\t\t\t\t\t\t\t\t\t\t<small>\n\t\t\t\t\t\t\t\ten 28\/04\/2026 \t\t\t\t\t\t\t<\/small>\n\t\t\t\t\t\t\n\t\t\t\t\t\t\n\t\t\t\t\t\t\t\t\t\t\t<\/div>\n\t\t\t<\/li>\n\t\t\t\t\t\t<li  style=\"padding: 18px 0 30px\" class=\"rss_item feedzy-rss-col-3\" >\n\t\t\t\t\t\t\t\t\t<div class=\"rss_image\" style=\"height:180px;width:180px;\">\n\t\t\t\t\t\t<a href=\"https:\/\/salesianos.info\/blog\/abiertas-las-inscripciones-para-participar-como-peregrinos-en-la-visita-del-papa\/\" target=\"_blank\" \n\t\t\t\t\t\t\trel=\"noopener \"\n\t\t\t\t\t\t\ttitle=\"Abiertas las inscripciones para participar como peregrinos en la visita del Papa\"\n\t\t\t\t\t\t\tstyle=\"height:180px;width:180px;\">\n\t\t\t\t\t\t\t<img decoding=\"async\" src=\"https:\/\/salesianos.info\/wp-content\/uploads\/2026\/04\/inscripciones-papa-300x225.png\" title=\"Abiertas las inscripciones para participar como peregrinos en la visita del Papa\" style=\"height:180px;width:180px\">\t\t\t\t\t\t<\/a>\n\t\t\t\t\t<\/div>\n\t\t\t\t\t\t\t\t\t<span class=\"title\">\n\t\t\t\t\t\t<a href=\"https:\/\/salesianos.info\/blog\/abiertas-las-inscripciones-para-participar-como-peregrinos-en-la-visita-del-papa\/\" target=\"_blank\"  rel=\"noopener \">\n\t\t\t\t\t\t\tAbiertas las inscripciones para participar como peregrinos en la visita del Papa\t\t\t\t\t\t<\/a>\n\t\t\t\t\t<\/span>\n\t\t\t\t\t<div class=\"rss_content\"\n\t\t\t\t\t\tstyle=\"\">\n\n\t\t\t\t\t\t\t\t\t\t\t\t\t<small>\n\t\t\t\t\t\t\t\ten 28\/04\/2026 \t\t\t\t\t\t\t<\/small>\n\t\t\t\t\t\t\n\t\t\t\t\t\t\n\t\t\t\t\t\t\t\t\t\t\t<\/div>\n\t\t\t<\/li>\n\t\t\t\t\t\t<li  style=\"padding: 18px 0 30px\" class=\"rss_item feedzy-rss-col-3\" >\n\t\t\t\t\t\t\t\t\t<div class=\"rss_image\" style=\"height:180px;width:180px;\">\n\t\t\t\t\t\t<a href=\"https:\/\/salesianos.info\/blog\/multitudinario-traslado-de-maria-auxiliadora-a-vegueta-gran-canaria\/\" target=\"_blank\" \n\t\t\t\t\t\t\trel=\"noopener \"\n\t\t\t\t\t\t\ttitle=\"Multitudinario traslado de Mar\u00eda Auxiliadora a Vegueta (Gran Canaria)\"\n\t\t\t\t\t\t\tstyle=\"height:180px;width:180px;\">\n\t\t\t\t\t\t\t<img decoding=\"async\" src=\"https:\/\/salesianos.info\/wp-content\/uploads\/2026\/04\/traslado-Maux-CoronacionLasPalmas-ABRIL-2026-00003-300x225.jpeg\" title=\"Multitudinario traslado de Mar\u00eda Auxiliadora a Vegueta (Gran Canaria)\" style=\"height:180px;width:180px\">\t\t\t\t\t\t<\/a>\n\t\t\t\t\t<\/div>\n\t\t\t\t\t\t\t\t\t<span class=\"title\">\n\t\t\t\t\t\t<a href=\"https:\/\/salesianos.info\/blog\/multitudinario-traslado-de-maria-auxiliadora-a-vegueta-gran-canaria\/\" target=\"_blank\"  rel=\"noopener \">\n\t\t\t\t\t\t\tMultitudinario traslado de Mar\u00eda Auxiliadora a Vegueta (Gran Canaria)\t\t\t\t\t\t<\/a>\n\t\t\t\t\t<\/span>\n\t\t\t\t\t<div class=\"rss_content\"\n\t\t\t\t\t\tstyle=\"\">\n\n\t\t\t\t\t\t\t\t\t\t\t\t\t<small>\n\t\t\t\t\t\t\t\ten 27\/04\/2026 \t\t\t\t\t\t\t<\/small>\n\t\t\t\t\t\t\n\t\t\t\t\t\t\n\t\t\t\t\t\t\t\t\t\t\t<\/div>\n\t\t\t<\/li>\n\t\t\t\t<\/ul>\n<\/div>\n<style type=\"text\/css\" media=\"all\">.feedzy-rss .rss_item .rss_image{float:left;position:relative;border:none;text-decoration:none;max-width:100%}.feedzy-rss .rss_item .rss_image span{display:inline-block;position:absolute;width:100%;height:100%;background-position:50%;background-size:cover}.feedzy-rss .rss_item .rss_image{margin:.3em 1em 0 0;content-visibility:auto}.feedzy-rss ul{list-style:none}.feedzy-rss ul li{display:inline-block}<\/style><!-- [et_pb_line_break_holder] -->[\/et_pb_code][et_pb_blog fullwidth=\u00bboff\u00bb posts_number=\u00bb3&#8243; include_categories=\u00bb27,56,57,58,55,54,53&#8243; meta_date=\u00bbj F Y\u00bb excerpt_length=\u00bb120&#8243; show_author=\u00bboff\u00bb show_categories=\u00bboff\u00bb show_pagination=\u00bboff\u00bb use_overlay=\u00bbon\u00bb disabled_on=\u00bbon|on|on\u00bb _builder_version=\u00bb4.21.0&#8243; header_font=\u00bbMuli|800|||||||\u00bb header_font_size=\u00bb24px\u00bb header_line_height=\u00bb1.3em\u00bb border_radii=\u00bbon|10px|10px|10px|10px\u00bb border_width_all=\u00bb0px\u00bb box_shadow_style=\u00bbpreset1&#8243; box_shadow_vertical=\u00bb0px\u00bb box_shadow_blur=\u00bb15px\u00bb box_shadow_spread=\u00bb-5px\u00bb disabled=\u00bbon\u00bb global_colors_info=\u00bb{}\u00bb][\/et_pb_blog][et_pb_button button_url=\u00bbhttps:\/\/salesianos.info\/blog\/category\/familia-salesiana\/\u00bb button_text=\u00bbVer todas las noticias\u00bb button_alignment=\u00bbright\u00bb admin_label=\u00bbBot\u00f3n\u00bb _builder_version=\u00bb4.21.0&#8243; custom_button=\u00bbon\u00bb button_text_size=\u00bb19px\u00bb button_text_color=\u00bb#dc001b\u00bb button_border_width=\u00bb2px\u00bb button_border_color=\u00bb#dc001b\u00bb button_border_radius=\u00bb10px\u00bb button_icon=\u00bb&#x35;||divi||400&#8243; background_layout=\u00bbdark\u00bb global_colors_info=\u00bb{}\u00bb button_border_width__hover_enabled=\u00bbon|desktop\u00bb button_border_width__hover=\u00bb2px\u00bb button_bg_color__hover_enabled=\u00bboff\u00bb button_bg_enable_color__hover=\u00bboff\u00bb button_text_size__hover_enabled=\u00bboff\u00bb button_one_text_size__hover_enabled=\u00bboff\u00bb button_two_text_size__hover_enabled=\u00bboff\u00bb button_text_color__hover_enabled=\u00bboff\u00bb button_one_text_color__hover_enabled=\u00bboff\u00bb button_two_text_color__hover_enabled=\u00bboff\u00bb button_one_border_width__hover_enabled=\u00bboff\u00bb button_two_border_width__hover_enabled=\u00bboff\u00bb button_border_color__hover_enabled=\u00bboff\u00bb button_one_border_color__hover_enabled=\u00bboff\u00bb button_two_border_color__hover_enabled=\u00bboff\u00bb button_border_radius__hover_enabled=\u00bboff\u00bb button_one_border_radius__hover_enabled=\u00bboff\u00bb button_two_border_radius__hover_enabled=\u00bboff\u00bb button_letter_spacing__hover_enabled=\u00bboff\u00bb button_one_letter_spacing__hover_enabled=\u00bboff\u00bb button_two_letter_spacing__hover_enabled=\u00bboff\u00bb button_one_bg_color__hover_enabled=\u00bboff\u00bb button_two_bg_color__hover_enabled=\u00bboff\u00bb][\/et_pb_button][\/et_pb_column][\/et_pb_row][\/et_pb_section][et_pb_section fb_built=\u00bb1&#8243; disabled_on=\u00bboff|off|on\u00bb admin_label=\u00bbSomos Familia (m\u00f3vil)\u00bb _builder_version=\u00bb4.16&#8243; background_image=\u00bbhttps:\/\/www.salesianos.edu\/familiasalesiana\/wp-content\/uploads\/sites\/5\/2020\/03\/Somos-Familia-Salesiana.png\u00bb min_height=\u00bb533px\u00bb custom_margin=\u00bb-268px|||||\u00bb global_colors_info=\u00bb{}\u00bb][\/et_pb_section][et_pb_section fb_built=\u00bb1&#8243; disabled_on=\u00bbon|on|off\u00bb admin_label=\u00bbSomos Familia\u00bb _builder_version=\u00bb4.21.0&#8243; background_image=\u00bbhttps:\/\/www.salesianos.edu\/familiasalesiana\/wp-content\/uploads\/sites\/5\/2020\/03\/Somos-Familia-Salesiana.png\u00bb min_height=\u00bb533px\u00bb custom_margin=\u00bb||||false|false\u00bb global_colors_info=\u00bb{}\u00bb][\/et_pb_section]<\/p>\n","protected":false},"excerpt":{"rendered":"<p>Nuestras Hermandades como entidades de fieles, dependen directamente de la Diocesis correspondiente en cada provincia. Nacen en su gran mayor\u00eda con un carisma salesiano, dentro de las Asociaciones de los Antiguos Alumnos de Don Bosco, con los cuales, tienen una gran y estrecha vinculaci\u00f3n y compromiso. Las HHCCSS est\u00e1n representados por un Consejo consultivo y [&hellip;]<\/p>\n","protected":false},"author":12,"featured_media":8692,"parent":0,"menu_order":0,"comment_status":"closed","ping_status":"closed","template":"","meta":{"_et_pb_use_builder":"on","_et_pb_old_content":"","_et_gb_content_width":"","footnotes":""},"class_list":["post-8746","page","type-page","status-publish","has-post-thumbnail","hentry"],"yoast_head":"<!-- This site is optimized with the Yoast SEO plugin v27.5 - https:\/\/yoast.com\/product\/yoast-seo-wordpress\/ -->\n<title>Hermandades y cofradias salesianas - Familia Salesiana<\/title>\n<meta name=\"robots\" content=\"index, follow, max-snippet:-1, max-image-preview:large, max-video-preview:-1\" \/>\n<link rel=\"canonical\" href=\"https:\/\/www.salesianos.edu\/familiasalesiana\/hermandades-y-cofradias-salesianas\/\" \/>\n<meta property=\"og:locale\" content=\"es_ES\" \/>\n<meta property=\"og:type\" content=\"article\" \/>\n<meta property=\"og:title\" content=\"Hermandades y cofradias salesianas - Familia Salesiana\" \/>\n<meta property=\"og:description\" content=\"Titulo p\u00e1ginas Subtitulo 1 Lorem Ipsum es simplemente el texto de relleno de las imprentas y archivos de texto. Lorem Ipsum ha sido el texto de relleno est\u00e1ndar de las industrias desde el a\u00f1o 1500, cuando un impresor (N. del T. persona que se dedica a la imprenta) desconocido us\u00f3 una galer\u00eda de textos y [&hellip;]\" \/>\n<meta property=\"og:url\" content=\"https:\/\/www.salesianos.edu\/familiasalesiana\/hermandades-y-cofradias-salesianas\/\" \/>\n<meta property=\"og:site_name\" content=\"Familia Salesiana\" \/>\n<meta property=\"article:modified_time\" content=\"2023-07-13T10:27:38+00:00\" \/>\n<meta property=\"og:image\" content=\"https:\/\/www.salesianos.edu\/familiasalesiana\/wp-content\/uploads\/sites\/5\/2020\/03\/hhdd-1.png\" \/>\n\t<meta property=\"og:image:width\" content=\"135\" \/>\n\t<meta property=\"og:image:height\" content=\"150\" \/>\n\t<meta property=\"og:image:type\" content=\"image\/png\" \/>\n<meta name=\"twitter:card\" content=\"summary_large_image\" \/>\n<meta name=\"twitter:label1\" content=\"Tiempo de lectura\" \/>\n\t<meta name=\"twitter:data1\" content=\"3 minutos\" \/>\n<script type=\"application\/ld+json\" class=\"yoast-schema-graph\">{\"@context\":\"https:\\\/\\\/schema.org\",\"@graph\":[{\"@type\":\"WebPage\",\"@id\":\"https:\\\/\\\/www.salesianos.edu\\\/familiasalesiana\\\/hermandades-y-cofradias-salesianas\\\/\",\"url\":\"https:\\\/\\\/www.salesianos.edu\\\/familiasalesiana\\\/hermandades-y-cofradias-salesianas\\\/\",\"name\":\"Hermandades y cofradias salesianas - Familia Salesiana\",\"isPartOf\":{\"@id\":\"https:\\\/\\\/www.salesianos.edu\\\/familiasalesiana\\\/#website\"},\"primaryImageOfPage\":{\"@id\":\"https:\\\/\\\/www.salesianos.edu\\\/familiasalesiana\\\/hermandades-y-cofradias-salesianas\\\/#primaryimage\"},\"image\":{\"@id\":\"https:\\\/\\\/www.salesianos.edu\\\/familiasalesiana\\\/hermandades-y-cofradias-salesianas\\\/#primaryimage\"},\"thumbnailUrl\":\"https:\\\/\\\/www.salesianos.edu\\\/familiasalesiana\\\/wp-content\\\/uploads\\\/sites\\\/5\\\/2020\\\/03\\\/hhdd-1.png\",\"datePublished\":\"2020-03-30T08:14:23+00:00\",\"dateModified\":\"2023-07-13T10:27:38+00:00\",\"breadcrumb\":{\"@id\":\"https:\\\/\\\/www.salesianos.edu\\\/familiasalesiana\\\/hermandades-y-cofradias-salesianas\\\/#breadcrumb\"},\"inLanguage\":\"es\",\"potentialAction\":[{\"@type\":\"ReadAction\",\"target\":[\"https:\\\/\\\/www.salesianos.edu\\\/familiasalesiana\\\/hermandades-y-cofradias-salesianas\\\/\"]}]},{\"@type\":\"ImageObject\",\"inLanguage\":\"es\",\"@id\":\"https:\\\/\\\/www.salesianos.edu\\\/familiasalesiana\\\/hermandades-y-cofradias-salesianas\\\/#primaryimage\",\"url\":\"https:\\\/\\\/www.salesianos.edu\\\/familiasalesiana\\\/wp-content\\\/uploads\\\/sites\\\/5\\\/2020\\\/03\\\/hhdd-1.png\",\"contentUrl\":\"https:\\\/\\\/www.salesianos.edu\\\/familiasalesiana\\\/wp-content\\\/uploads\\\/sites\\\/5\\\/2020\\\/03\\\/hhdd-1.png\",\"width\":135,\"height\":150},{\"@type\":\"BreadcrumbList\",\"@id\":\"https:\\\/\\\/www.salesianos.edu\\\/familiasalesiana\\\/hermandades-y-cofradias-salesianas\\\/#breadcrumb\",\"itemListElement\":[{\"@type\":\"ListItem\",\"position\":1,\"name\":\"Portada\",\"item\":\"https:\\\/\\\/www.salesianos.edu\\\/familiasalesiana\\\/\"},{\"@type\":\"ListItem\",\"position\":2,\"name\":\"Hermandades y cofradias salesianas\"}]},{\"@type\":\"WebSite\",\"@id\":\"https:\\\/\\\/www.salesianos.edu\\\/familiasalesiana\\\/#website\",\"url\":\"https:\\\/\\\/www.salesianos.edu\\\/familiasalesiana\\\/\",\"name\":\"Familia Salesiana\",\"description\":\"P\u00e1gina oficial de Inspector\u00eda Salesiana Mar\u00eda Auxiliadora\",\"potentialAction\":[{\"@type\":\"SearchAction\",\"target\":{\"@type\":\"EntryPoint\",\"urlTemplate\":\"https:\\\/\\\/www.salesianos.edu\\\/familiasalesiana\\\/?s={search_term_string}\"},\"query-input\":{\"@type\":\"PropertyValueSpecification\",\"valueRequired\":true,\"valueName\":\"search_term_string\"}}],\"inLanguage\":\"es\"}]}<\/script>\n<!-- \/ Yoast SEO plugin. -->","yoast_head_json":{"title":"Hermandades y cofradias salesianas - Familia Salesiana","robots":{"index":"index","follow":"follow","max-snippet":"max-snippet:-1","max-image-preview":"max-image-preview:large","max-video-preview":"max-video-preview:-1"},"canonical":"https:\/\/www.salesianos.edu\/familiasalesiana\/hermandades-y-cofradias-salesianas\/","og_locale":"es_ES","og_type":"article","og_title":"Hermandades y cofradias salesianas - Familia Salesiana","og_description":"Titulo p\u00e1ginas Subtitulo 1 Lorem Ipsum es simplemente el texto de relleno de las imprentas y archivos de texto. Lorem Ipsum ha sido el texto de relleno est\u00e1ndar de las industrias desde el a\u00f1o 1500, cuando un impresor (N. del T. persona que se dedica a la imprenta) desconocido us\u00f3 una galer\u00eda de textos y [&hellip;]","og_url":"https:\/\/www.salesianos.edu\/familiasalesiana\/hermandades-y-cofradias-salesianas\/","og_site_name":"Familia Salesiana","article_modified_time":"2023-07-13T10:27:38+00:00","og_image":[{"width":135,"height":150,"url":"https:\/\/www.salesianos.edu\/familiasalesiana\/wp-content\/uploads\/sites\/5\/2020\/03\/hhdd-1.png","type":"image\/png"}],"twitter_card":"summary_large_image","twitter_misc":{"Tiempo de lectura":"3 minutos"},"schema":{"@context":"https:\/\/schema.org","@graph":[{"@type":"WebPage","@id":"https:\/\/www.salesianos.edu\/familiasalesiana\/hermandades-y-cofradias-salesianas\/","url":"https:\/\/www.salesianos.edu\/familiasalesiana\/hermandades-y-cofradias-salesianas\/","name":"Hermandades y cofradias salesianas - Familia Salesiana","isPartOf":{"@id":"https:\/\/www.salesianos.edu\/familiasalesiana\/#website"},"primaryImageOfPage":{"@id":"https:\/\/www.salesianos.edu\/familiasalesiana\/hermandades-y-cofradias-salesianas\/#primaryimage"},"image":{"@id":"https:\/\/www.salesianos.edu\/familiasalesiana\/hermandades-y-cofradias-salesianas\/#primaryimage"},"thumbnailUrl":"https:\/\/www.salesianos.edu\/familiasalesiana\/wp-content\/uploads\/sites\/5\/2020\/03\/hhdd-1.png","datePublished":"2020-03-30T08:14:23+00:00","dateModified":"2023-07-13T10:27:38+00:00","breadcrumb":{"@id":"https:\/\/www.salesianos.edu\/familiasalesiana\/hermandades-y-cofradias-salesianas\/#breadcrumb"},"inLanguage":"es","potentialAction":[{"@type":"ReadAction","target":["https:\/\/www.salesianos.edu\/familiasalesiana\/hermandades-y-cofradias-salesianas\/"]}]},{"@type":"ImageObject","inLanguage":"es","@id":"https:\/\/www.salesianos.edu\/familiasalesiana\/hermandades-y-cofradias-salesianas\/#primaryimage","url":"https:\/\/www.salesianos.edu\/familiasalesiana\/wp-content\/uploads\/sites\/5\/2020\/03\/hhdd-1.png","contentUrl":"https:\/\/www.salesianos.edu\/familiasalesiana\/wp-content\/uploads\/sites\/5\/2020\/03\/hhdd-1.png","width":135,"height":150},{"@type":"BreadcrumbList","@id":"https:\/\/www.salesianos.edu\/familiasalesiana\/hermandades-y-cofradias-salesianas\/#breadcrumb","itemListElement":[{"@type":"ListItem","position":1,"name":"Portada","item":"https:\/\/www.salesianos.edu\/familiasalesiana\/"},{"@type":"ListItem","position":2,"name":"Hermandades y cofradias salesianas"}]},{"@type":"WebSite","@id":"https:\/\/www.salesianos.edu\/familiasalesiana\/#website","url":"https:\/\/www.salesianos.edu\/familiasalesiana\/","name":"Familia Salesiana","description":"P\u00e1gina oficial de Inspector\u00eda Salesiana Mar\u00eda Auxiliadora","potentialAction":[{"@type":"SearchAction","target":{"@type":"EntryPoint","urlTemplate":"https:\/\/www.salesianos.edu\/familiasalesiana\/?s={search_term_string}"},"query-input":{"@type":"PropertyValueSpecification","valueRequired":true,"valueName":"search_term_string"}}],"inLanguage":"es"}]}},"_links":{"self":[{"href":"https:\/\/www.salesianos.edu\/familiasalesiana\/wp-json\/wp\/v2\/pages\/8746","targetHints":{"allow":["GET"]}}],"collection":[{"href":"https:\/\/www.salesianos.edu\/familiasalesiana\/wp-json\/wp\/v2\/pages"}],"about":[{"href":"https:\/\/www.salesianos.edu\/familiasalesiana\/wp-json\/wp\/v2\/types\/page"}],"author":[{"embeddable":true,"href":"https:\/\/www.salesianos.edu\/familiasalesiana\/wp-json\/wp\/v2\/users\/12"}],"replies":[{"embeddable":true,"href":"https:\/\/www.salesianos.edu\/familiasalesiana\/wp-json\/wp\/v2\/comments?post=8746"}],"version-history":[{"count":14,"href":"https:\/\/www.salesianos.edu\/familiasalesiana\/wp-json\/wp\/v2\/pages\/8746\/revisions"}],"predecessor-version":[{"id":10606,"href":"https:\/\/www.salesianos.edu\/familiasalesiana\/wp-json\/wp\/v2\/pages\/8746\/revisions\/10606"}],"wp:featuredmedia":[{"embeddable":true,"href":"https:\/\/www.salesianos.edu\/familiasalesiana\/wp-json\/wp\/v2\/media\/8692"}],"wp:attachment":[{"href":"https:\/\/www.salesianos.edu\/familiasalesiana\/wp-json\/wp\/v2\/media?parent=8746"}],"curies":[{"name":"wp","href":"https:\/\/api.w.org\/{rel}","templated":true}]}}