{"id":8457,"date":"2019-11-26T09:29:49","date_gmt":"2019-11-26T08:29:49","guid":{"rendered":"https:\/\/www.salesianos.edu\/familiasalesiana\/?page_id=8457"},"modified":"2020-11-23T08:49:31","modified_gmt":"2020-11-23T07:49:31","slug":"un-adviento-diferente","status":"publish","type":"page","link":"https:\/\/www.salesianos.edu\/familiasalesiana\/un-adviento-diferente\/","title":{"rendered":"Camino a la Navidad"},"content":{"rendered":"<div id=\"fb-root\"><\/div>\n<p>[et_pb_section fb_built=\u00bb1&#8243; fullwidth=\u00bbon\u00bb _builder_version=\u00bb4.0.6&#8243; transform_scale=\u00bb102%|102%\u00bb transform_translate=\u00bb1px|1px\u00bb transform_origin=\u00bb100%|0%\u00bb][et_pb_fullwidth_post_title text_color=\u00bblight\u00bb _builder_version=\u00bb4.7.3&#8243; title_font=\u00bb|700|||||||\u00bb title_text_align=\u00bbright\u00bb title_font_size=\u00bb35px\u00bb title_line_height=\u00bb3em\u00bb meta_font_size=\u00bb1px\u00bb background_image=\u00bbhttps:\/\/www.salesianos.edu\/familiasalesiana\/wp-content\/uploads\/sites\/5\/2019\/11\/adviento-portada.jpg\u00bb background_position=\u00bbcenter_right\u00bb text_orientation=\u00bbright\u00bb hover_enabled=\u00bb0&#8243; sticky_enabled=\u00bb0&#8243;][\/et_pb_fullwidth_post_title][\/et_pb_section][et_pb_section fb_built=\u00bb1&#8243; _builder_version=\u00bb4.0.6&#8243;][et_pb_row _builder_version=\u00bb3.25&#8243; background_size=\u00bbinitial\u00bb background_position=\u00bbtop_left\u00bb background_repeat=\u00bbrepeat\u00bb][et_pb_column type=\u00bb4_4&#8243; _builder_version=\u00bb3.25&#8243; custom_padding=\u00bb|||\u00bb custom_padding__hover=\u00bb|||\u00bb][et_pb_text _builder_version=\u00bb4.7.3&#8243; text_text_color=\u00bb#e02b20&#8243; text_font_size=\u00bb30px\u00bb]<\/p>\n<p>\u00a0CALENDARIO DE ADVIENTO Y NAVIDAD.<\/p>\n<p>[\/et_pb_text][et_pb_text _builder_version=\u00bb4.7.3&#8243; background_size=\u00bbinitial\u00bb background_position=\u00bbtop_left\u00bb background_repeat=\u00bbrepeat\u00bb]<\/p>\n<div style=\"width: 100%;\">\n<div style=\"position: relative; padding-bottom: 100.00%; padding-top: 0; height: 0;\"><iframe loading=\"lazy\" frameborder=\"0\" width=\"1200\" height=\"1200\" style=\"position: absolute; top: 0; left: 0; width: 100%; height: 100%;\" src=\"https:\/\/view.genial.ly\/5fad501c52c4080d11a4bd5b\" type=\"text\/html\" allowscriptaccess=\"always\" allowfullscreen=\"true\" scrolling=\"yes\" allownetworking=\"all\"><\/iframe> <\/div>\n<\/p><\/div>\n<p>[\/et_pb_text][et_pb_divider _builder_version=\u00bb4.0.6&#8243;][\/et_pb_divider][\/et_pb_column][\/et_pb_row][et_pb_row _builder_version=\u00bb4.0.6&#8243;][et_pb_column type=\u00bb4_4&#8243; _builder_version=\u00bb4.0.6&#8243;][et_pb_text admin_label=\u00bbTexto\u00bb _builder_version=\u00bb4.0.6&#8243; text_text_color=\u00bb#e02b20&#8243; text_font_size=\u00bb30px\u00bb]<\/p>\n<p>PRESENTACI\u00d3N<\/p>\n<p>[\/et_pb_text][et_pb_text _builder_version=\u00bb4.7.3&#8243; hover_enabled=\u00bb0&#8243; sticky_enabled=\u00bb0&#8243;]<\/p>\n<h2><b>Camino a la Navidad<\/b><\/h2>\n<p><span style=\"font-weight: 400;\">La vida cristiana se renueva continuamente, y la Iglesia establece dentro del a\u00f1o lit\u00fargico per\u00edodos \u00abfuertes\u00bb de preparaci\u00f3n para los grandes acontecimientos de nuestra fe: la Encarnaci\u00f3n del Se\u00f1or y la Resurrecci\u00f3n de Jesucristo. Se trata de dos nacimientos: a la vida terrena, a la vida eterna. Y precisamente para vivir y renacer tenemos el tiempo del adviento, que es un tiempo de esperanza y de gozo, de conversi\u00f3n y acercamiento a las personas, de acogida para todos y sobre todo para el Se\u00f1or.\u00a0 <\/span><\/p>\n<p><span style=\"font-weight: 400;\">El Adviento 2020 durar\u00e1 26 d\u00edas y por eso ofrecemos otros materiales a los que hemos agrupado bajo el t\u00edtulo de <\/span><b>un Adviento Diferente.\u00a0 <\/b><span style=\"font-weight: 400;\">En \u00e9l ofrecemos\u00a0\u00a0<\/span><\/p>\n<ul>\n<li><span style=\"font-weight: 400;\">Una <\/span><b>imagen <\/b><span style=\"font-weight: 400;\">diaria sugerente referida al pasaje evang\u00e9lico del d\u00eda.\u00a0<\/span><\/li>\n<li><span style=\"font-weight: 400;\">Una <\/span><b>sencilla reflexi\u00f3n<\/b><span style=\"font-weight: 400;\"> sobre el evangelio de cada d\u00eda de la mano de Jos\u00e9 J. G\u00f3mez y Tiempo Interior.<\/span><\/li>\n<li><span style=\"font-weight: 400;\">Dos <\/span><b>pel\u00edculas <\/b><span style=\"font-weight: 400;\">de cine para poder visualizar a lo largo de la semana sobre tem\u00e1tica navide\u00f1a.\u00a0<\/span><\/li>\n<li><span style=\"font-weight: 400;\">Dos <\/span><b>canciones <\/b><span style=\"font-weight: 400;\">semanales relacionadas con los evangelios de esos d\u00edas para escuchar la voz de Dios a trav\u00e9s de la m\u00fasica.<\/span><\/li>\n<li><span style=\"font-weight: 400;\">Dos <\/span><b>manualidades <\/b><span style=\"font-weight: 400;\">para poder hacer en familia con los ni\u00f1os de nuestras familias.<\/span><\/li>\n<li><span style=\"font-weight: 400;\"> Unas <\/span><b>catequesis<\/b><span style=\"font-weight: 400;\"> a trav\u00e9s de una serie de preguntas con diferentes niveles de dificultad, para conocer los fundamentos del adviento y as\u00ed poder vivirlo mejor.\u00a0<\/span><\/li>\n<li><span style=\"font-weight: 400;\">Una <\/span><b>Lectio Divina<\/b><span style=\"font-weight: 400;\"> para el evangelio de cada domingo. <\/span><\/li>\n<\/ul>\n<p>[\/et_pb_text][\/et_pb_column][\/et_pb_row][\/et_pb_section][et_pb_section fb_built=\u00bb1&#8243; _builder_version=\u00bb4.7.3&#8243; _module_preset=\u00bbdefault\u00bb bottom_divider_style=\u00bbmountains2&#8243; hover_enabled=\u00bb0&#8243; sticky_enabled=\u00bb0&#8243; custom_margin=\u00bb-60px|||||\u00bb next_background_color=\u00bb#e5e5e5&#8243;][\/et_pb_section][et_pb_section fb_built=\u00bb1&#8243; _builder_version=\u00bb4.3.3&#8243; background_color=\u00bb#e5e5e5&#8243;][et_pb_row column_structure=\u00bb1_3,1_3,1_3&#8243; _builder_version=\u00bb4.2.2&#8243;][et_pb_column type=\u00bb1_3&#8243; _builder_version=\u00bb4.2.2&#8243;][et_pb_blurb title=\u00bbD\u00f3nde estamos\u00bb url=\u00bb@ET-DC@eyJkeW5hbWljIjp0cnVlLCJjb250ZW50IjoicG9zdF9saW5rX3VybF9wYWdlIiwic2V0dGluZ3MiOnsicG9zdF9pZCI6Ijk3NTYifX0=@\u00bb use_icon=\u00bbon\u00bb font_icon=\u00bb%%236%%\u00bb use_circle=\u00bbon\u00bb circle_color=\u00bbrgba(0,0,0,0)\u00bb use_circle_border=\u00bbon\u00bb circle_border_color=\u00bbrgba(0,0,0,0)\u00bb use_icon_font_size=\u00bbon\u00bb icon_font_size=\u00bb90px\u00bb icon_color_last_edited=\u00bboff|desktop\u00bb content_max_width_last_edited=\u00bboff|desktop\u00bb _builder_version=\u00bb4.4.2&#8243; _dynamic_attributes=\u00bburl\u00bb header_level=\u00bbh1&#8243; header_font=\u00bb|300|||||||\u00bb header_text_align=\u00bbcenter\u00bb header_text_color=\u00bb#dc001b\u00bb body_text_align=\u00bbcenter\u00bb background_color=\u00bb#ffffff\u00bb text_orientation=\u00bbcenter\u00bb custom_margin=\u00bb||||false|false\u00bb custom_padding=\u00bb20px|20px|20px|20px|true|true\u00bb custom_css_blurb_image=\u00bbmargin-bottom:10px;\u00bb border_radii=\u00bbon|20px|20px|20px|20px\u00bb border_color_all=\u00bb#636a70&#8243; box_shadow_style=\u00bbpreset2&#8243; icon_color__hover_enabled=\u00bboff|hover\u00bb icon_color__hover=\u00bb#ffffff\u00bb circle_color__hover_enabled=\u00bboff|desktop\u00bb circle_color__hover=\u00bb#dc001b\u00bb transform_styles__hover_enabled=\u00bbon|hover\u00bb transform_scale__hover_enabled=\u00bbon|hover\u00bb transform_translate__hover_enabled=\u00bbon|desktop\u00bb transform_rotate__hover_enabled=\u00bbon|desktop\u00bb transform_skew__hover_enabled=\u00bbon|desktop\u00bb transform_origin__hover_enabled=\u00bbon|desktop\u00bb transform_scale__hover=\u00bb110%|110%\u00bb][\/et_pb_blurb][\/et_pb_column][et_pb_column type=\u00bb1_3&#8243; _builder_version=\u00bb4.2.2&#8243;][et_pb_blurb title=\u00bbSistema Preventivo\u00bb url=\u00bb@ET-DC@eyJkeW5hbWljIjp0cnVlLCJjb250ZW50IjoicG9zdF9saW5rX3VybF9wYWdlIiwic2V0dGluZ3MiOnsicG9zdF9pZCI6IjI0OTI5In19@\u00bb use_icon=\u00bbon\u00bb font_icon=\u00bb%%141%%\u00bb use_circle=\u00bbon\u00bb circle_color=\u00bbrgba(0,0,0,0)\u00bb use_circle_border=\u00bbon\u00bb circle_border_color=\u00bbrgba(0,0,0,0)\u00bb use_icon_font_size=\u00bbon\u00bb icon_font_size=\u00bb90px\u00bb icon_color_last_edited=\u00bboff|desktop\u00bb content_max_width_last_edited=\u00bboff|desktop\u00bb _builder_version=\u00bb4.4.6&#8243; _dynamic_attributes=\u00bburl\u00bb header_level=\u00bbh1&#8243; header_font=\u00bb|300|||||||\u00bb header_text_align=\u00bbcenter\u00bb header_text_color=\u00bb#dc001b\u00bb body_text_align=\u00bbcenter\u00bb background_color=\u00bb#ffffff\u00bb text_orientation=\u00bbcenter\u00bb custom_margin=\u00bb||||false|false\u00bb custom_padding=\u00bb20px|20px|20px|20px|true|true\u00bb custom_css_blurb_image=\u00bbmargin-bottom:10px;\u00bb border_radii=\u00bbon|20px|20px|20px|20px\u00bb border_color_all=\u00bb#636a70&#8243; box_shadow_style=\u00bbpreset2&#8243; icon_color__hover_enabled=\u00bboff|hover\u00bb icon_color__hover=\u00bb#ffffff\u00bb circle_color__hover_enabled=\u00bboff|desktop\u00bb circle_color__hover=\u00bb#dc001b\u00bb transform_styles__hover_enabled=\u00bbon|hover\u00bb transform_scale__hover_enabled=\u00bbon|hover\u00bb transform_translate__hover_enabled=\u00bbon|desktop\u00bb transform_rotate__hover_enabled=\u00bbon|desktop\u00bb transform_skew__hover_enabled=\u00bbon|desktop\u00bb transform_origin__hover_enabled=\u00bbon|desktop\u00bb transform_scale__hover=\u00bb110%|110%\u00bb][\/et_pb_blurb][\/et_pb_column][et_pb_column type=\u00bb1_3&#8243; _builder_version=\u00bb4.2.2&#8243;][et_pb_blurb title=\u00bbSantidad Salesiana\u00bb url=\u00bb@ET-DC@eyJkeW5hbWljIjp0cnVlLCJjb250ZW50IjoicG9zdF9saW5rX3VybF9wYWdlIiwic2V0dGluZ3MiOnsicG9zdF9pZCI6IjI3MTM5In19@\u00bb use_icon=\u00bbon\u00bb font_icon=\u00bb%%72%%\u00bb use_circle=\u00bbon\u00bb circle_color=\u00bbrgba(0,0,0,0)\u00bb use_circle_border=\u00bbon\u00bb circle_border_color=\u00bbrgba(0,0,0,0)\u00bb use_icon_font_size=\u00bbon\u00bb icon_font_size=\u00bb90px\u00bb icon_color_last_edited=\u00bboff|desktop\u00bb content_max_width_last_edited=\u00bboff|desktop\u00bb _builder_version=\u00bb4.4.6&#8243; _dynamic_attributes=\u00bburl\u00bb header_level=\u00bbh1&#8243; header_font=\u00bb|300|||||||\u00bb header_text_align=\u00bbcenter\u00bb header_text_color=\u00bb#dc001b\u00bb body_text_align=\u00bbcenter\u00bb background_color=\u00bb#ffffff\u00bb text_orientation=\u00bbcenter\u00bb custom_margin=\u00bb||||false|false\u00bb custom_padding=\u00bb20px|20px|20px|20px|true|true\u00bb custom_css_blurb_image=\u00bbmargin-bottom:10px;\u00bb border_radii=\u00bbon|20px|20px|20px|20px\u00bb border_color_all=\u00bb#636a70&#8243; box_shadow_style=\u00bbpreset2&#8243; icon_color__hover_enabled=\u00bboff|hover\u00bb icon_color__hover=\u00bb#ffffff\u00bb circle_color__hover_enabled=\u00bboff|desktop\u00bb circle_color__hover=\u00bb#dc001b\u00bb transform_styles__hover_enabled=\u00bbon|hover\u00bb transform_scale__hover_enabled=\u00bbon|hover\u00bb transform_translate__hover_enabled=\u00bbon|desktop\u00bb transform_rotate__hover_enabled=\u00bbon|desktop\u00bb transform_skew__hover_enabled=\u00bbon|desktop\u00bb transform_origin__hover_enabled=\u00bbon|desktop\u00bb transform_scale__hover=\u00bb110%|110%\u00bb][\/et_pb_blurb][\/et_pb_column][\/et_pb_row][\/et_pb_section]<\/p>\n","protected":false},"excerpt":{"rendered":"<p>\u00a0CALENDARIO DE ADVIENTO Y NAVIDAD. PRESENTACI\u00d3NCamino a la Navidad La vida cristiana se renueva continuamente, y la Iglesia establece dentro del a\u00f1o lit\u00fargico per\u00edodos \u00abfuertes\u00bb de preparaci\u00f3n para los grandes acontecimientos de nuestra fe: la Encarnaci\u00f3n del Se\u00f1or y la Resurrecci\u00f3n de Jesucristo. Se trata de dos nacimientos: a la vida terrena, a la vida [&hellip;]<\/p>\n","protected":false},"author":12,"featured_media":0,"parent":0,"menu_order":0,"comment_status":"closed","ping_status":"closed","template":"","meta":{"_et_pb_use_builder":"on","_et_pb_old_content":"<div style=\"width: 100%;\"><div style=\"position: relative; padding-bottom: 70.72135785007072%; padding-top: 0; height: 0;\"><iframe style=\"position: absolute; top: 0; left: 0; width: 100%; height: 100%;\" src=\"https:\/\/view.genial.ly\/5ddcdd2a51a61a0f71dd1509\" width=\"1414\" height=\"1000\" frameborder=\"0\" scrolling=\"yes\" allowfullscreen=\"allowfullscreen\"><\/iframe><\/div><\/div>","_et_gb_content_width":"","footnotes":""},"class_list":["post-8457","page","type-page","status-publish","hentry"],"yoast_head":"<!-- This site is optimized with the Yoast SEO plugin v27.5 - https:\/\/yoast.com\/product\/yoast-seo-wordpress\/ -->\n<title>Camino a la Navidad - Familia Salesiana<\/title>\n<meta name=\"description\" content=\"El Adviento 2020 durar\u00e1 26 d\u00edas y por eso ofrecemos otros materiales a los que hemos agrupado bajo el t\u00edtulo de un Adviento Diferente.\" \/>\n<meta name=\"robots\" content=\"index, follow, max-snippet:-1, max-image-preview:large, max-video-preview:-1\" \/>\n<link rel=\"canonical\" href=\"https:\/\/www.salesianos.edu\/familiasalesiana\/un-adviento-diferente\/\" \/>\n<meta property=\"og:locale\" content=\"es_ES\" \/>\n<meta property=\"og:type\" content=\"article\" \/>\n<meta property=\"og:title\" content=\"Camino a la Navidad - Familia Salesiana\" \/>\n<meta property=\"og:description\" content=\"El Adviento 2020 durar\u00e1 26 d\u00edas y por eso ofrecemos otros materiales a los que hemos agrupado bajo el t\u00edtulo de un Adviento Diferente.\" \/>\n<meta property=\"og:url\" content=\"https:\/\/www.salesianos.edu\/familiasalesiana\/un-adviento-diferente\/\" \/>\n<meta property=\"og:site_name\" content=\"Familia Salesiana\" \/>\n<meta property=\"article:modified_time\" content=\"2020-11-23T07:49:31+00:00\" \/>\n<meta name=\"twitter:card\" content=\"summary_large_image\" \/>\n<meta name=\"twitter:label1\" content=\"Tiempo de lectura\" \/>\n\t<meta name=\"twitter:data1\" content=\"6 minutos\" \/>\n<script type=\"application\/ld+json\" class=\"yoast-schema-graph\">{\"@context\":\"https:\\\/\\\/schema.org\",\"@graph\":[{\"@type\":\"WebPage\",\"@id\":\"https:\\\/\\\/www.salesianos.edu\\\/familiasalesiana\\\/un-adviento-diferente\\\/\",\"url\":\"https:\\\/\\\/www.salesianos.edu\\\/familiasalesiana\\\/un-adviento-diferente\\\/\",\"name\":\"Camino a la Navidad - Familia Salesiana\",\"isPartOf\":{\"@id\":\"http:\\\/\\\/www.salesianos.edu\\\/familiasalesiana\\\/#website\"},\"datePublished\":\"2019-11-26T08:29:49+00:00\",\"dateModified\":\"2020-11-23T07:49:31+00:00\",\"description\":\"El Adviento 2020 durar\u00e1 26 d\u00edas y por eso ofrecemos otros materiales a los que hemos agrupado bajo el t\u00edtulo de un Adviento Diferente.\",\"breadcrumb\":{\"@id\":\"https:\\\/\\\/www.salesianos.edu\\\/familiasalesiana\\\/un-adviento-diferente\\\/#breadcrumb\"},\"inLanguage\":\"es\",\"potentialAction\":[{\"@type\":\"ReadAction\",\"target\":[\"https:\\\/\\\/www.salesianos.edu\\\/familiasalesiana\\\/un-adviento-diferente\\\/\"]}]},{\"@type\":\"BreadcrumbList\",\"@id\":\"https:\\\/\\\/www.salesianos.edu\\\/familiasalesiana\\\/un-adviento-diferente\\\/#breadcrumb\",\"itemListElement\":[{\"@type\":\"ListItem\",\"position\":1,\"name\":\"Portada\",\"item\":\"http:\\\/\\\/www.salesianos.edu\\\/familiasalesiana\\\/\"},{\"@type\":\"ListItem\",\"position\":2,\"name\":\"Camino a la Navidad\"}]},{\"@type\":\"WebSite\",\"@id\":\"http:\\\/\\\/www.salesianos.edu\\\/familiasalesiana\\\/#website\",\"url\":\"http:\\\/\\\/www.salesianos.edu\\\/familiasalesiana\\\/\",\"name\":\"Familia Salesiana\",\"description\":\"P\u00e1gina oficial de Inspector\u00eda Salesiana Mar\u00eda Auxiliadora\",\"potentialAction\":[{\"@type\":\"SearchAction\",\"target\":{\"@type\":\"EntryPoint\",\"urlTemplate\":\"http:\\\/\\\/www.salesianos.edu\\\/familiasalesiana\\\/?s={search_term_string}\"},\"query-input\":{\"@type\":\"PropertyValueSpecification\",\"valueRequired\":true,\"valueName\":\"search_term_string\"}}],\"inLanguage\":\"es\"}]}<\/script>\n<!-- \/ Yoast SEO plugin. -->","yoast_head_json":{"title":"Camino a la Navidad - Familia Salesiana","description":"El Adviento 2020 durar\u00e1 26 d\u00edas y por eso ofrecemos otros materiales a los que hemos agrupado bajo el t\u00edtulo de un Adviento Diferente.","robots":{"index":"index","follow":"follow","max-snippet":"max-snippet:-1","max-image-preview":"max-image-preview:large","max-video-preview":"max-video-preview:-1"},"canonical":"https:\/\/www.salesianos.edu\/familiasalesiana\/un-adviento-diferente\/","og_locale":"es_ES","og_type":"article","og_title":"Camino a la Navidad - Familia Salesiana","og_description":"El Adviento 2020 durar\u00e1 26 d\u00edas y por eso ofrecemos otros materiales a los que hemos agrupado bajo el t\u00edtulo de un Adviento Diferente.","og_url":"https:\/\/www.salesianos.edu\/familiasalesiana\/un-adviento-diferente\/","og_site_name":"Familia Salesiana","article_modified_time":"2020-11-23T07:49:31+00:00","twitter_card":"summary_large_image","twitter_misc":{"Tiempo de lectura":"6 minutos"},"schema":{"@context":"https:\/\/schema.org","@graph":[{"@type":"WebPage","@id":"https:\/\/www.salesianos.edu\/familiasalesiana\/un-adviento-diferente\/","url":"https:\/\/www.salesianos.edu\/familiasalesiana\/un-adviento-diferente\/","name":"Camino a la Navidad - Familia Salesiana","isPartOf":{"@id":"http:\/\/www.salesianos.edu\/familiasalesiana\/#website"},"datePublished":"2019-11-26T08:29:49+00:00","dateModified":"2020-11-23T07:49:31+00:00","description":"El Adviento 2020 durar\u00e1 26 d\u00edas y por eso ofrecemos otros materiales a los que hemos agrupado bajo el t\u00edtulo de un Adviento Diferente.","breadcrumb":{"@id":"https:\/\/www.salesianos.edu\/familiasalesiana\/un-adviento-diferente\/#breadcrumb"},"inLanguage":"es","potentialAction":[{"@type":"ReadAction","target":["https:\/\/www.salesianos.edu\/familiasalesiana\/un-adviento-diferente\/"]}]},{"@type":"BreadcrumbList","@id":"https:\/\/www.salesianos.edu\/familiasalesiana\/un-adviento-diferente\/#breadcrumb","itemListElement":[{"@type":"ListItem","position":1,"name":"Portada","item":"http:\/\/www.salesianos.edu\/familiasalesiana\/"},{"@type":"ListItem","position":2,"name":"Camino a la Navidad"}]},{"@type":"WebSite","@id":"http:\/\/www.salesianos.edu\/familiasalesiana\/#website","url":"http:\/\/www.salesianos.edu\/familiasalesiana\/","name":"Familia Salesiana","description":"P\u00e1gina oficial de Inspector\u00eda Salesiana Mar\u00eda Auxiliadora","potentialAction":[{"@type":"SearchAction","target":{"@type":"EntryPoint","urlTemplate":"http:\/\/www.salesianos.edu\/familiasalesiana\/?s={search_term_string}"},"query-input":{"@type":"PropertyValueSpecification","valueRequired":true,"valueName":"search_term_string"}}],"inLanguage":"es"}]}},"_links":{"self":[{"href":"https:\/\/www.salesianos.edu\/familiasalesiana\/wp-json\/wp\/v2\/pages\/8457","targetHints":{"allow":["GET"]}}],"collection":[{"href":"https:\/\/www.salesianos.edu\/familiasalesiana\/wp-json\/wp\/v2\/pages"}],"about":[{"href":"https:\/\/www.salesianos.edu\/familiasalesiana\/wp-json\/wp\/v2\/types\/page"}],"author":[{"embeddable":true,"href":"https:\/\/www.salesianos.edu\/familiasalesiana\/wp-json\/wp\/v2\/users\/12"}],"replies":[{"embeddable":true,"href":"https:\/\/www.salesianos.edu\/familiasalesiana\/wp-json\/wp\/v2\/comments?post=8457"}],"version-history":[{"count":47,"href":"https:\/\/www.salesianos.edu\/familiasalesiana\/wp-json\/wp\/v2\/pages\/8457\/revisions"}],"predecessor-version":[{"id":9003,"href":"https:\/\/www.salesianos.edu\/familiasalesiana\/wp-json\/wp\/v2\/pages\/8457\/revisions\/9003"}],"wp:attachment":[{"href":"https:\/\/www.salesianos.edu\/familiasalesiana\/wp-json\/wp\/v2\/media?parent=8457"}],"curies":[{"name":"wp","href":"https:\/\/api.w.org\/{rel}","templated":true}]}}