{"version":"1.0","provider_name":"Revista SMX","provider_url":"http:\/\/www.salesianos.edu\/revistasmx","author_name":"antoninogomez","author_url":"http:\/\/www.salesianos.edu\/revistasmx\/author\/antoninogomez\/","title":"Las 24 de Josep Mascar\u00f3 - Revista SMX","type":"rich","width":600,"height":338,"html":"<blockquote class=\"wp-embedded-content\" data-secret=\"WcZwJYwaNo\"><a href=\"http:\/\/www.salesianos.edu\/revistasmx\/las-24-de-josep-mascaro\/\">Las 24 de Josep Mascar\u00f3<\/a><\/blockquote><iframe sandbox=\"allow-scripts\" security=\"restricted\" src=\"http:\/\/www.salesianos.edu\/revistasmx\/las-24-de-josep-mascaro\/embed\/#?secret=WcZwJYwaNo\" width=\"600\" height=\"338\" title=\"\u00abLas 24 de Josep Mascar\u00f3\u00bb \u2014 Revista SMX\" data-secret=\"WcZwJYwaNo\" frameborder=\"0\" marginwidth=\"0\" marginheight=\"0\" scrolling=\"no\" class=\"wp-embedded-content\"><\/iframe><script type=\"text\/javascript\">\n\/* <![CDATA[ *\/\n\/*! This file is auto-generated *\/\n!function(d,l){\"use strict\";l.querySelector&&d.addEventListener&&\"undefined\"!=typeof URL&&(d.wp=d.wp||{},d.wp.receiveEmbedMessage||(d.wp.receiveEmbedMessage=function(e){var t=e.data;if((t||t.secret||t.message||t.value)&&!\/[^a-zA-Z0-9]\/.test(t.secret)){for(var s,r,n,a=l.querySelectorAll('iframe[data-secret=\"'+t.secret+'\"]'),o=l.querySelectorAll('blockquote[data-secret=\"'+t.secret+'\"]'),c=new RegExp(\"^https?:$\",\"i\"),i=0;i<o.length;i++)o[i].style.display=\"none\";for(i=0;i<a.length;i++)s=a[i],e.source===s.contentWindow&&(s.removeAttribute(\"style\"),\"height\"===t.message?(1e3<(r=parseInt(t.value,10))?r=1e3:~~r<200&&(r=200),s.height=r):\"link\"===t.message&&(r=new URL(s.getAttribute(\"src\")),n=new URL(t.value),c.test(n.protocol))&&n.host===r.host&&l.activeElement===s&&(d.top.location.href=t.value))}},d.addEventListener(\"message\",d.wp.receiveEmbedMessage,!1),l.addEventListener(\"DOMContentLoaded\",function(){for(var e,t,s=l.querySelectorAll(\"iframe.wp-embedded-content\"),r=0;r<s.length;r++)(t=(e=s[r]).getAttribute(\"data-secret\"))||(t=Math.random().toString(36).substring(2,12),e.src+=\"#?secret=\"+t,e.setAttribute(\"data-secret\",t)),e.contentWindow.postMessage({message:\"ready\",secret:t},\"*\")},!1)))}(window,document);\n\/\/# sourceURL=http:\/\/www.salesianos.edu\/revistasmx\/wp-includes\/js\/wp-embed.min.js\n\/* ]]> *\/\n<\/script>\n","thumbnail_url":"http:\/\/www.salesianos.edu\/revistasmx\/wp-content\/uploads\/sites\/8\/2021\/11\/IMG_20181224_103009-scaled.jpg","thumbnail_width":2560,"thumbnail_height":1920,"description":"Josep Mascar\u00f3, salesiano. Nacido en Matar\u00f3. Estoy ahora en la Comunidad de Matar\u00f3. En tiempos pasados fui el primer Delegado de Comunicaci\u00f3n Social de la inspector\u00eda M. de D. de la Merc\u00e8 y en la actualidad, Delegado de la FASA, en la misma zona."}